{"id":157,"date":"2022-05-01T10:38:18","date_gmt":"2022-05-01T08:38:18","guid":{"rendered":"http:\/\/tangentearchitecture.fr\/?page_id=157"},"modified":"2023-02-27T14:12:45","modified_gmt":"2023-02-27T13:12:45","slug":"__trashed-2","status":"publish","type":"page","link":"https:\/\/tangentearchitecture.fr\/?page_id=157","title":{"rendered":"L&rsquo;agence"},"content":{"rendered":"<p>[et_pb_section fb_built=\u00a0\u00bb1&Prime; fullwidth=\u00a0\u00bbon\u00a0\u00bb _builder_version=\u00a0\u00bb4.9.0&Prime; _module_preset=\u00a0\u00bbdefault\u00a0\u00bb height=\u00a0\u00bb100vh\u00a0\u00bb][et_pb_fullwidth_slider arrows_custom_color=\u00a0\u00bbRGBA(0,0,0,0)\u00a0\u00bb dot_nav_custom_color=\u00a0\u00bb#000000&Prime; _builder_version=\u00a0\u00bb4.9.0&Prime; _module_preset=\u00a0\u00bbdefault\u00a0\u00bb min_height=\u00a0\u00bb100vh\u00a0\u00bb height=\u00a0\u00bb100vh\u00a0\u00bb custom_margin=\u00a0\u00bb||2px|||\u00a0\u00bb custom_padding=\u00a0\u00bb||0px|||\u00a0\u00bb auto=\u00a0\u00bbon\u00a0\u00bb auto_speed=\u00a0\u00bb4000&Prime;][et_pb_slide heading=\u00a0\u00bbL&rsquo;AGENCE\u00a0\u00bb use_bg_overlay=\u00a0\u00bbon\u00a0\u00bb arrows_custom_color=\u00a0\u00bb#000000&Prime; dot_nav_custom_color=\u00a0\u00bb#000000&Prime; _builder_version=\u00a0\u00bb4.9.0&Prime; _module_preset=\u00a0\u00bbdefault\u00a0\u00bb header_level=\u00a0\u00bbh2&Prime; header_font=\u00a0\u00bbJosefin Sans||||||||\u00a0\u00bb header_font_size=\u00a0\u00bb75px\u00a0\u00bb header_letter_spacing=\u00a0\u00bb6px\u00a0\u00bb background_image=\u00a0\u00bbhttps:\/\/tangentearchitecture.fr\/wp-content\/uploads\/2022\/07\/Bureau-02-scaled.jpg\u00a0\u00bb background_enable_image=\u00a0\u00bbon\u00a0\u00bb transform_translate_linked=\u00a0\u00bboff\u00a0\u00bb header_font_size_tablet=\u00a0\u00bb\u00a0\u00bb header_font_size_phone=\u00a0\u00bb42px\u00a0\u00bb header_font_size_last_edited=\u00a0\u00bbon|phone\u00a0\u00bb sticky_transition=\u00a0\u00bbon\u00a0\u00bb]<\/p>\n<p>&nbsp;<\/p>\n<p>&nbsp;<\/p>\n<p>&nbsp;<\/p>\n<p>&nbsp;<\/p>\n<p>&nbsp;<\/p>\n<p>&nbsp;<\/p>\n<p>&nbsp;<\/p>\n<p>&nbsp;<\/p>\n<p>[\/et_pb_slide][\/et_pb_fullwidth_slider][\/et_pb_section][et_pb_section fb_built=\u00a0\u00bb1&Prime; _builder_version=\u00a0\u00bb4.9.0&Prime; _module_preset=\u00a0\u00bbdefault\u00a0\u00bb background_color=\u00a0\u00bb#FFFFFF\u00a0\u00bb custom_margin=\u00a0\u00bb-6px|||||\u00a0\u00bb custom_padding=\u00a0\u00bb0px|||||\u00a0\u00bb hover_enabled=\u00a0\u00bb0&Prime; sticky_enabled=\u00a0\u00bb0&Prime;][et_pb_row _builder_version=\u00a0\u00bb4.9.0&Prime; _module_preset=\u00a0\u00bbdefault\u00a0\u00bb custom_padding=\u00a0\u00bb83px|||||\u00a0\u00bb][et_pb_column type=\u00a0\u00bb4_4&Prime; _builder_version=\u00a0\u00bb4.9.0&Prime; _module_preset=\u00a0\u00bbdefault\u00a0\u00bb][et_pb_image src=\u00a0\u00bbhttps:\/\/tangentearchitecture.fr\/wp-content\/uploads\/2022\/06\/logotype-accueil-300&#215;300.png\u00a0\u00bb alt=\u00a0\u00bblogo tangente architecture\u00a0\u00bb title_text=\u00a0\u00bblogotype accueil\u00a0\u00bb align=\u00a0\u00bbcenter\u00a0\u00bb _builder_version=\u00a0\u00bb4.9.0&Prime; _module_preset=\u00a0\u00bbdefault\u00a0\u00bb width=\u00a0\u00bb20%\u00a0\u00bb max_width=\u00a0\u00bb60%\u00a0\u00bb module_alignment=\u00a0\u00bbcenter\u00a0\u00bb][\/et_pb_image][dipl_lottie _builder_version=\u00a0\u00bb4.9.0&Prime; _module_preset=\u00a0\u00bbdefault\u00a0\u00bb][\/dipl_lottie][dipl_business_hours _builder_version=\u00a0\u00bb4.9.0&Prime; _module_preset=\u00a0\u00bbdefault\u00a0\u00bb][\/dipl_business_hours][et_pb_text _builder_version=\u00a0\u00bb4.9.0&Prime; _module_preset=\u00a0\u00bbdefault\u00a0\u00bb text_text_color=\u00a0\u00bb#242424&Prime; text_font_size=\u00a0\u00bb12pt\u00a0\u00bb header_3_font=\u00a0\u00bbJosefin Sans|||on|||||\u00a0\u00bb header_3_text_color=\u00a0\u00bb#FFFFFF\u00a0\u00bb header_3_font_size=\u00a0\u00bb20px\u00a0\u00bb header_3_letter_spacing=\u00a0\u00bb7px\u00a0\u00bb header_3_line_height=\u00a0\u00bb2em\u00a0\u00bb width=\u00a0\u00bb70%\u00a0\u00bb module_alignment=\u00a0\u00bbcenter\u00a0\u00bb custom_margin=\u00a0\u00bb55px|||||\u00a0\u00bb custom_padding=\u00a0\u00bb||0px|||\u00a0\u00bb]<\/p>\n<p><em>Tangente Architecture est une agence d\u2019architecture cr\u00e9\u00e9e en 2020, au Bono dans le Golfe du Morbihan. Elle aspire \u00e0 r\u00e9pondre de mani\u00e8re singuli\u00e8re aux besoins de chaque client et pour cela, l\u2019agence s\u2019efforce de travailler chaque projet autour de trois mots-clefs\u00a0:<\/em><\/p>\n<p>[\/et_pb_text][\/et_pb_column][\/et_pb_row][et_pb_row column_structure=\u00a0\u00bb1_3,1_3,1_3&Prime; _builder_version=\u00a0\u00bb4.9.0&Prime; _module_preset=\u00a0\u00bbdefault\u00a0\u00bb custom_margin=\u00a0\u00bb40px|auto||auto||\u00a0\u00bb custom_padding=\u00a0\u00bb||76px|||\u00a0\u00bb][et_pb_column type=\u00a0\u00bb1_3&Prime; _builder_version=\u00a0\u00bb4.9.0&Prime; _module_preset=\u00a0\u00bbdefault\u00a0\u00bb][et_pb_text _builder_version=\u00a0\u00bb4.9.0&Prime; _module_preset=\u00a0\u00bbdefault\u00a0\u00bb text_text_color=\u00a0\u00bb#242424&Prime; text_font_size=\u00a0\u00bb12pt\u00a0\u00bb header_text_color=\u00a0\u00bb#242424&Prime; header_3_font=\u00a0\u00bbJosefin Sans|||on|||||\u00a0\u00bb header_3_text_color=\u00a0\u00bb#242424&Prime; header_3_font_size=\u00a0\u00bb20px\u00a0\u00bb header_3_letter_spacing=\u00a0\u00bb7px\u00a0\u00bb header_3_line_height=\u00a0\u00bb2em\u00a0\u00bb width=\u00a0\u00bb70%\u00a0\u00bb module_alignment=\u00a0\u00bbcenter\u00a0\u00bb locked=\u00a0\u00bboff\u00a0\u00bb]<\/p>\n<h3 style=\"text-align: center;\"><strong>l\u2019\u00e9coute<\/strong><\/h3>\n<p>derri\u00e8re chaque projet se cache une histoire, et c\u2019est bien le client qui est le plus \u00e0 m\u00eame de nous la raconter. Notre devoir, en tant qu\u2019architecte, est dans un premier temps d\u2019\u00e9couter les habitudes, les envies et les aspirations de chacun. Et c\u2019est seulement une fois que ce travail est r\u00e9alis\u00e9 que notre esprit de synth\u00e8se et de conception, peut intervenir.<\/p>\n<p>&nbsp;<\/p>\n<p>[\/et_pb_text][\/et_pb_column][et_pb_column type=\u00a0\u00bb1_3&Prime; _builder_version=\u00a0\u00bb4.9.0&Prime; _module_preset=\u00a0\u00bbdefault\u00a0\u00bb][et_pb_text _builder_version=\u00a0\u00bb4.9.0&Prime; _module_preset=\u00a0\u00bbdefault\u00a0\u00bb text_text_color=\u00a0\u00bb#242424&Prime; text_font_size=\u00a0\u00bb12pt\u00a0\u00bb header_3_font=\u00a0\u00bbJosefin Sans|||on|||||\u00a0\u00bb header_3_text_color=\u00a0\u00bb#FFFFFF\u00a0\u00bb header_3_font_size=\u00a0\u00bb20px\u00a0\u00bb header_3_letter_spacing=\u00a0\u00bb7px\u00a0\u00bb header_3_line_height=\u00a0\u00bb2em\u00a0\u00bb width=\u00a0\u00bb81%\u00a0\u00bb module_alignment=\u00a0\u00bbcenter\u00a0\u00bb locked=\u00a0\u00bboff\u00a0\u00bb]<\/p>\n<p style=\"text-align: center;\"><strong style=\"font-family: 'Josefin Sans', Helvetica, Arial, Lucida, sans-serif; font-size: 20px; letter-spacing: 7px; text-align: center; text-transform: uppercase;\">la lumi\u00e8re<\/strong><\/p>\n<p>elle fait partie int\u00e9grante d\u2019un projet d\u2019architecture. La bonne orientation d\u2019un b\u00e2timent, en plus de faire profiter de chaque pi\u00e8ce de la lumi\u00e8re naturelle, est un atout-clef dans la r\u00e9duction des consommations \u00e9nerg\u00e9tiques.<\/p>\n<p>[\/et_pb_text][\/et_pb_column][et_pb_column type=\u00a0\u00bb1_3&Prime; _builder_version=\u00a0\u00bb4.9.0&Prime; _module_preset=\u00a0\u00bbdefault\u00a0\u00bb][et_pb_text _builder_version=\u00a0\u00bb4.9.0&Prime; _module_preset=\u00a0\u00bbdefault\u00a0\u00bb text_text_color=\u00a0\u00bb#242424&Prime; text_font_size=\u00a0\u00bb12pt\u00a0\u00bb header_3_font=\u00a0\u00bbJosefin Sans|||on|||||\u00a0\u00bb header_3_text_color=\u00a0\u00bb#FFFFFF\u00a0\u00bb header_3_font_size=\u00a0\u00bb20px\u00a0\u00bb header_3_letter_spacing=\u00a0\u00bb7px\u00a0\u00bb header_3_line_height=\u00a0\u00bb2em\u00a0\u00bb width=\u00a0\u00bb95%\u00a0\u00bb module_alignment=\u00a0\u00bbcenter\u00a0\u00bb locked=\u00a0\u00bboff\u00a0\u00bb]<\/p>\n<p style=\"text-align: center;\"><strong style=\"font-family: 'Josefin Sans', Helvetica, Arial, Lucida, sans-serif; font-size: 20px; letter-spacing: 7px; text-align: center; text-transform: uppercase;\">l\u2019int\u00e9gration<\/strong><\/p>\n<p>l\u2019agence est attach\u00e9e \u00e0 respecter le lieu dans lequel le b\u00e2timent s\u2019inscrit. L&rsquo;acte de b\u00e2tir doit d&rsquo;abord passer par une phase de compr\u00e9hension et d\u2019analyse pour que l&rsquo;acte de construire prenne tout son sens en s\u2019int\u00e9grant de mani\u00e8re sobre et esth\u00e9tique. La volont\u00e9 de l\u2019agence est de tendre vers une mani\u00e8re de construire locale, notamment par la construction bois, et aussi vers la mise en \u0153uvre de mat\u00e9riaux biosourc\u00e9s et le r\u00e9emploi.<\/p>\n<p>[\/et_pb_text][\/et_pb_column][\/et_pb_row][et_pb_row _builder_version=\u00a0\u00bb4.9.0&Prime; _module_preset=\u00a0\u00bbdefault\u00a0\u00bb][et_pb_column type=\u00a0\u00bb4_4&Prime; _builder_version=\u00a0\u00bb4.9.0&Prime; _module_preset=\u00a0\u00bbdefault\u00a0\u00bb][dipl_separator separator_type=\u00a0\u00bbdipl_shadow\u00a0\u00bb separator_color=\u00a0\u00bb#000000&Prime; _builder_version=\u00a0\u00bb4.9.0&Prime; _module_preset=\u00a0\u00bbdefault\u00a0\u00bb][\/dipl_separator][\/et_pb_column][\/et_pb_row][et_pb_row column_structure=\u00a0\u00bb1_2,1_2&Prime; _builder_version=\u00a0\u00bb4.9.0&Prime; _module_preset=\u00a0\u00bbdefault\u00a0\u00bb custom_padding=\u00a0\u00bb65px|||||\u00a0\u00bb][et_pb_column type=\u00a0\u00bb1_2&Prime; _builder_version=\u00a0\u00bb4.9.0&Prime; _module_preset=\u00a0\u00bbdefault\u00a0\u00bb][et_pb_text _builder_version=\u00a0\u00bb4.9.0&Prime; _module_preset=\u00a0\u00bbdefault\u00a0\u00bb text_font=\u00a0\u00bbJosefin Sans||||||||\u00a0\u00bb text_text_color=\u00a0\u00bb#242424&Prime; header_text_color=\u00a0\u00bb#242424&Prime; text_orientation=\u00a0\u00bbcenter\u00a0\u00bb module_alignment=\u00a0\u00bbcenter\u00a0\u00bb]<\/p>\n<h1>Marion Dekeister<\/h1>\n<p><img decoding=\"async\" loading=\"lazy\" src=\"https:\/\/tangentearchitecture.fr\/wp-content\/uploads\/2022\/05\/photo-Marion-tangente-architecture-300x210.jpg\" width=\"300\" height=\"210\" alt=\"\" class=\"wp-image-185 alignnone size-medium\" \/><\/p>\n<p>Architecte-g\u00e9rante DE HMONP<br \/> <span>Dipl\u00f4m\u00e9e en 2013<br \/> <\/span><span>Inscrite \u00e0 l\u2019Ordre des Architectes de Bretagne depuis 2021<\/span><\/p>\n<p>[\/et_pb_text][\/et_pb_column][et_pb_column type=\u00a0\u00bb1_2&Prime; _builder_version=\u00a0\u00bb4.9.0&Prime; _module_preset=\u00a0\u00bbdefault\u00a0\u00bb][et_pb_text _builder_version=\u00a0\u00bb4.9.0&Prime; _module_preset=\u00a0\u00bbdefault\u00a0\u00bb text_font=\u00a0\u00bbJosefin Sans||||||||\u00a0\u00bb text_text_color=\u00a0\u00bb#242424&Prime; header_text_color=\u00a0\u00bb#242424&Prime; background_enable_image=\u00a0\u00bboff\u00a0\u00bb text_orientation=\u00a0\u00bbcenter\u00a0\u00bb module_alignment=\u00a0\u00bbcenter\u00a0\u00bb]<\/p>\n<p>&nbsp;<\/p>\n<p><img decoding=\"async\" loading=\"lazy\" src=\"https:\/\/tangentearchitecture.fr\/wp-content\/uploads\/2022\/07\/Bureau-01-300x225.jpg\" width=\"300\" height=\"225\" alt=\"\" class=\"wp-image-459 alignnone size-medium\" \/><\/p>\n<p>Le bureau est install\u00e9 dans un b\u00e2timent passif \u00e0 Baden<\/p>\n<p>[\/et_pb_text][\/et_pb_column][\/et_pb_row][et_pb_row _builder_version=\u00a0\u00bb4.9.0&Prime; _module_preset=\u00a0\u00bbdefault\u00a0\u00bb custom_padding=\u00a0\u00bb46px|||||\u00a0\u00bb][et_pb_column type=\u00a0\u00bb4_4&Prime; _builder_version=\u00a0\u00bb4.9.0&Prime; _module_preset=\u00a0\u00bbdefault\u00a0\u00bb][dipl_separator separator_type=\u00a0\u00bbdipl_shadow\u00a0\u00bb separator_color=\u00a0\u00bb#000000&Prime; _builder_version=\u00a0\u00bb4.9.0&Prime; _module_preset=\u00a0\u00bbdefault\u00a0\u00bb][\/dipl_separator][\/et_pb_column][\/et_pb_row][et_pb_row _builder_version=\u00a0\u00bb4.9.0&Prime; _module_preset=\u00a0\u00bbdefault\u00a0\u00bb custom_padding=\u00a0\u00bb148px||29px|||\u00a0\u00bb][et_pb_column type=\u00a0\u00bb4_4&Prime; _builder_version=\u00a0\u00bb4.9.0&Prime; _module_preset=\u00a0\u00bbdefault\u00a0\u00bb][et_pb_text content_tablet=\u00a0\u00bb\u00a0\u00bb content_phone=\u00a0\u00bb\u00a0\u00bb content_last_edited=\u00a0\u00bbon|phone\u00a0\u00bb _builder_version=\u00a0\u00bb4.9.0&Prime; _module_preset=\u00a0\u00bbdefault\u00a0\u00bb text_text_color=\u00a0\u00bb#242424&Prime; header_font=\u00a0\u00bbJosefin Sans||||||||\u00a0\u00bb header_text_color=\u00a0\u00bb#242424&Prime; header_letter_spacing=\u00a0\u00bb7px\u00a0\u00bb header_3_font=\u00a0\u00bbJosefin Sans|||on|||||\u00a0\u00bb header_3_text_color=\u00a0\u00bb#242424&Prime; header_3_font_size=\u00a0\u00bb20px\u00a0\u00bb header_3_letter_spacing=\u00a0\u00bb7px\u00a0\u00bb header_3_line_height=\u00a0\u00bb2em\u00a0\u00bb width=\u00a0\u00bb71%\u00a0\u00bb max_width=\u00a0\u00bb100%\u00a0\u00bb module_alignment=\u00a0\u00bbcenter\u00a0\u00bb text_font_size_tablet=\u00a0\u00bb\u00a0\u00bb text_font_size_phone=\u00a0\u00bb\u00a0\u00bb text_font_size_last_edited=\u00a0\u00bbon|phone\u00a0\u00bb header_font_size_tablet=\u00a0\u00bb\u00a0\u00bb header_font_size_phone=\u00a0\u00bb25px\u00a0\u00bb header_font_size_last_edited=\u00a0\u00bbon|phone\u00a0\u00bb header_line_height_tablet=\u00a0\u00bb\u00a0\u00bb header_line_height_phone=\u00a0\u00bb1.7em\u00a0\u00bb header_line_height_last_edited=\u00a0\u00bbon|desktop\u00a0\u00bb]<\/p>\n<h1 style=\"text-align: center;\"><strong>NOTRE MISSION\u00a0<\/strong><\/h1>\n<p>[\/et_pb_text][\/et_pb_column][\/et_pb_row][et_pb_row column_structure=\u00a0\u00bb1_3,1_3,1_3&Prime; _builder_version=\u00a0\u00bb4.9.0&Prime; _module_preset=\u00a0\u00bbdefault\u00a0\u00bb locked=\u00a0\u00bboff\u00a0\u00bb][et_pb_column type=\u00a0\u00bb1_3&Prime; _builder_version=\u00a0\u00bb4.9.0&Prime; _module_preset=\u00a0\u00bbdefault\u00a0\u00bb][et_pb_text _builder_version=\u00a0\u00bb4.9.0&Prime; _module_preset=\u00a0\u00bbdefault\u00a0\u00bb text_text_color=\u00a0\u00bb#242424&Prime; header_text_color=\u00a0\u00bb#242424&Prime; header_3_font=\u00a0\u00bbJosefin Sans|||on|||||\u00a0\u00bb header_3_text_color=\u00a0\u00bb#242424&Prime; header_3_font_size=\u00a0\u00bb17px\u00a0\u00bb header_3_letter_spacing=\u00a0\u00bb7px\u00a0\u00bb header_3_line_height=\u00a0\u00bb2em\u00a0\u00bb width=\u00a0\u00bb71%\u00a0\u00bb max_width=\u00a0\u00bb100%\u00a0\u00bb module_alignment=\u00a0\u00bbcenter\u00a0\u00bb locked=\u00a0\u00bboff\u00a0\u00bb]<\/p>\n<h3 style=\"text-align: center;\"><strong>concevoir<\/strong><\/h3>\n<p><strong> <\/strong>La conception d\u2019un projet passe par diff\u00e9rentes phases de travail et de r\u00e9flexion. L\u2019agence est par ailleurs form\u00e9e pour r\u00e9pondre \u00e0 tous les types de projets, qu\u2019ils soient grands ou petits\u00a0!<\/p>\n<p>&nbsp;<\/p>\n<p>[\/et_pb_text][\/et_pb_column][et_pb_column type=\u00a0\u00bb1_3&Prime; _builder_version=\u00a0\u00bb4.9.0&Prime; _module_preset=\u00a0\u00bbdefault\u00a0\u00bb][et_pb_text _builder_version=\u00a0\u00bb4.9.0&Prime; _module_preset=\u00a0\u00bbdefault\u00a0\u00bb text_text_color=\u00a0\u00bb#242424&Prime; header_text_color=\u00a0\u00bb#FFFFFF\u00a0\u00bb header_3_font=\u00a0\u00bbJosefin Sans|||on|||||\u00a0\u00bb header_3_text_color=\u00a0\u00bb#242424&Prime; header_3_font_size=\u00a0\u00bb17px\u00a0\u00bb header_3_letter_spacing=\u00a0\u00bb7px\u00a0\u00bb header_3_line_height=\u00a0\u00bb2em\u00a0\u00bb width=\u00a0\u00bb74%\u00a0\u00bb max_width=\u00a0\u00bb100%\u00a0\u00bb module_alignment=\u00a0\u00bbcenter\u00a0\u00bb locked=\u00a0\u00bboff\u00a0\u00bb]<\/p>\n<h3 style=\"text-align: center;\"><strong>collaborer<\/strong><\/h3>\n<p>Travailler en association \u00e9troite avec les clients, mais aussi avec les bureaux d\u2019\u00e9tudes, les entreprises et tous les sp\u00e9cialistes de la construction est essentiel pour que chaque projet puisse \u00eatre le fruit d\u2019un travail collectif. Car la confiance et le partage des connaissances sont la base d\u2019un projet r\u00e9ussi.<\/p>\n<p>[\/et_pb_text][\/et_pb_column][et_pb_column type=\u00a0\u00bb1_3&Prime; _builder_version=\u00a0\u00bb4.9.0&Prime; _module_preset=\u00a0\u00bbdefault\u00a0\u00bb][et_pb_text _builder_version=\u00a0\u00bb4.9.0&Prime; _module_preset=\u00a0\u00bbdefault\u00a0\u00bb text_text_color=\u00a0\u00bb#242424&Prime; header_text_color=\u00a0\u00bb#242424&Prime; header_3_font=\u00a0\u00bbJosefin Sans|||on|||||\u00a0\u00bb header_3_text_color=\u00a0\u00bb#242424&Prime; header_3_font_size=\u00a0\u00bb17px\u00a0\u00bb header_3_letter_spacing=\u00a0\u00bb7px\u00a0\u00bb header_3_line_height=\u00a0\u00bb2em\u00a0\u00bb width=\u00a0\u00bb71%\u00a0\u00bb max_width=\u00a0\u00bb100%\u00a0\u00bb module_alignment=\u00a0\u00bbcenter\u00a0\u00bb locked=\u00a0\u00bboff\u00a0\u00bb]<\/p>\n<h3 style=\"text-align: center;\"><strong>r\u00e9aliser<\/strong><\/h3>\n<p>Le suivi de chantier fait parti int\u00e9grante de notre mission d\u2019architecte. La concr\u00e9tisation est l\u2019aboutissement de tout projet architectural, et nous aurons plaisir \u00e0 le r\u00e9aliser pour, et avec vous\u00a0!<\/p>\n<p>[\/et_pb_text][\/et_pb_column][\/et_pb_row][\/et_pb_section][et_pb_section fb_built=\u00a0\u00bb1&Prime; _builder_version=\u00a0\u00bb4.9.0&Prime; _module_preset=\u00a0\u00bbdefault\u00a0\u00bb background_color=\u00a0\u00bb#FFFFFF\u00a0\u00bb hover_enabled=\u00a0\u00bb0&Prime; sticky_enabled=\u00a0\u00bb0&Prime;][et_pb_row _builder_version=\u00a0\u00bb4.9.0&Prime; _module_preset=\u00a0\u00bbdefault\u00a0\u00bb custom_padding=\u00a0\u00bb57px|||||\u00a0\u00bb][et_pb_column type=\u00a0\u00bb4_4&Prime; _builder_version=\u00a0\u00bb4.9.0&Prime; _module_preset=\u00a0\u00bbdefault\u00a0\u00bb][et_pb_text content_tablet=\u00a0\u00bb\u00a0\u00bb content_phone=\u00a0\u00bb\u00a0\u00bb content_last_edited=\u00a0\u00bbon|phone\u00a0\u00bb _builder_version=\u00a0\u00bb4.9.0&Prime; _module_preset=\u00a0\u00bbdefault\u00a0\u00bb text_text_color=\u00a0\u00bb#242424&Prime; header_font=\u00a0\u00bbJosefin Sans||||||||\u00a0\u00bb header_text_color=\u00a0\u00bb#242424&Prime; header_font_size=\u00a0\u00bb21px\u00a0\u00bb header_letter_spacing=\u00a0\u00bb7px\u00a0\u00bb header_3_font=\u00a0\u00bbJosefin Sans|||on|||||\u00a0\u00bb header_3_text_color=\u00a0\u00bb#242424&Prime; header_3_font_size=\u00a0\u00bb20px\u00a0\u00bb header_3_letter_spacing=\u00a0\u00bb7px\u00a0\u00bb header_3_line_height=\u00a0\u00bb2em\u00a0\u00bb width=\u00a0\u00bb71%\u00a0\u00bb max_width=\u00a0\u00bb100%\u00a0\u00bb module_alignment=\u00a0\u00bbcenter\u00a0\u00bb text_font_size_tablet=\u00a0\u00bb\u00a0\u00bb text_font_size_phone=\u00a0\u00bb\u00a0\u00bb text_font_size_last_edited=\u00a0\u00bbon|phone\u00a0\u00bb header_font_size_tablet=\u00a0\u00bb\u00a0\u00bb header_font_size_phone=\u00a0\u00bb25px\u00a0\u00bb header_font_size_last_edited=\u00a0\u00bbon|phone\u00a0\u00bb header_line_height_tablet=\u00a0\u00bb\u00a0\u00bb header_line_height_phone=\u00a0\u00bb1.7em\u00a0\u00bb header_line_height_last_edited=\u00a0\u00bbon|desktop\u00a0\u00bb locked=\u00a0\u00bboff\u00a0\u00bb]<\/p>\n<h1 style=\"text-align: center;\"><strong>NOS PARTENAIRES\u00a0<\/strong><\/h1>\n<p>[\/et_pb_text][\/et_pb_column][\/et_pb_row][et_pb_row column_structure=\u00a0\u00bb1_3,1_3,1_3&Prime; _builder_version=\u00a0\u00bb4.9.0&Prime; _module_preset=\u00a0\u00bbdefault\u00a0\u00bb][et_pb_column type=\u00a0\u00bb1_3&Prime; _builder_version=\u00a0\u00bb4.9.0&Prime; _module_preset=\u00a0\u00bbdefault\u00a0\u00bb][et_pb_image src=\u00a0\u00bbhttps:\/\/tangentearchitecture.fr\/wp-content\/uploads\/2022\/06\/1200px-Logo_Bureau_Veritas.svg-242&#215;300.png\u00a0\u00bb title_text=\u00a0\u00bb1200px-Logo_Bureau_Veritas.svg\u00a0\u00bb align=\u00a0\u00bbcenter\u00a0\u00bb _builder_version=\u00a0\u00bb4.9.0&Prime; _module_preset=\u00a0\u00bbdefault\u00a0\u00bb width=\u00a0\u00bb20%\u00a0\u00bb][\/et_pb_image][\/et_pb_column][et_pb_column type=\u00a0\u00bb1_3&Prime; _builder_version=\u00a0\u00bb4.9.0&Prime; _module_preset=\u00a0\u00bbdefault\u00a0\u00bb][et_pb_image src=\u00a0\u00bbhttps:\/\/tangentearchitecture.fr\/wp-content\/uploads\/2022\/06\/logoQSB.png\u00a0\u00bb title_text=\u00a0\u00bblogoQSB\u00a0\u00bb align=\u00a0\u00bbcenter\u00a0\u00bb _builder_version=\u00a0\u00bb4.9.0&Prime; _module_preset=\u00a0\u00bbdefault\u00a0\u00bb width=\u00a0\u00bb26%\u00a0\u00bb][\/et_pb_image][\/et_pb_column][et_pb_column type=\u00a0\u00bb1_3&Prime; _builder_version=\u00a0\u00bb4.9.0&Prime; _module_preset=\u00a0\u00bbdefault\u00a0\u00bb][et_pb_image src=\u00a0\u00bbhttps:\/\/tangentearchitecture.fr\/wp-content\/uploads\/2022\/10\/ABRYS.jpg\u00a0\u00bb title_text=\u00a0\u00bbABRYS\u00a0\u00bb align=\u00a0\u00bbcenter\u00a0\u00bb _builder_version=\u00a0\u00bb4.9.0&Prime; _module_preset=\u00a0\u00bbdefault\u00a0\u00bb width=\u00a0\u00bb26%\u00a0\u00bb][\/et_pb_image][\/et_pb_column][\/et_pb_row][\/et_pb_section]<\/p>\n","protected":false},"excerpt":{"rendered":"<p>[et_pb_section fb_built=\u00a0\u00bb1&Prime; fullwidth=\u00a0\u00bbon\u00a0\u00bb _builder_version=\u00a0\u00bb4.9.0&Prime; _module_preset=\u00a0\u00bbdefault\u00a0\u00bb height=\u00a0\u00bb100vh\u00a0\u00bb][et_pb_fullwidth_slider arrows_custom_color=\u00a0\u00bbRGBA(0,0,0,0)\u00a0\u00bb dot_nav_custom_color=\u00a0\u00bb#000000&Prime; _builder_version=\u00a0\u00bb4.9.0&Prime; _module_preset=\u00a0\u00bbdefault\u00a0\u00bb min_height=\u00a0\u00bb100vh\u00a0\u00bb height=\u00a0\u00bb100vh\u00a0\u00bb custom_margin=\u00a0\u00bb||2px|||\u00a0\u00bb custom_padding=\u00a0\u00bb||0px|||\u00a0\u00bb auto=\u00a0\u00bbon\u00a0\u00bb auto_speed=\u00a0\u00bb4000&Prime;][et_pb_slide heading=\u00a0\u00bbL&rsquo;AGENCE\u00a0\u00bb use_bg_overlay=\u00a0\u00bbon\u00a0\u00bb arrows_custom_color=\u00a0\u00bb#000000&Prime; dot_nav_custom_color=\u00a0\u00bb#000000&Prime; _builder_version=\u00a0\u00bb4.9.0&Prime; _module_preset=\u00a0\u00bbdefault\u00a0\u00bb header_level=\u00a0\u00bbh2&Prime; header_font=\u00a0\u00bbJosefin Sans||||||||\u00a0\u00bb header_font_size=\u00a0\u00bb75px\u00a0\u00bb header_letter_spacing=\u00a0\u00bb6px\u00a0\u00bb background_image=\u00a0\u00bbhttps:\/\/tangentearchitecture.fr\/wp-content\/uploads\/2022\/07\/Bureau-02-scaled.jpg\u00a0\u00bb background_enable_image=\u00a0\u00bbon\u00a0\u00bb transform_translate_linked=\u00a0\u00bboff\u00a0\u00bb header_font_size_tablet=\u00a0\u00bb\u00a0\u00bb header_font_size_phone=\u00a0\u00bb42px\u00a0\u00bb header_font_size_last_edited=\u00a0\u00bbon|phone\u00a0\u00bb sticky_transition=\u00a0\u00bbon\u00a0\u00bb] &nbsp; &nbsp; &nbsp; &nbsp; &nbsp; &nbsp; &nbsp; &nbsp; [\/et_pb_slide][\/et_pb_fullwidth_slider][\/et_pb_section][et_pb_section fb_built=\u00a0\u00bb1&Prime; _builder_version=\u00a0\u00bb4.9.0&Prime; _module_preset=\u00a0\u00bbdefault\u00a0\u00bb background_color=\u00a0\u00bb#FFFFFF\u00a0\u00bb custom_margin=\u00a0\u00bb-6px|||||\u00a0\u00bb custom_padding=\u00a0\u00bb0px|||||\u00a0\u00bb hover_enabled=\u00a0\u00bb0&Prime; sticky_enabled=\u00a0\u00bb0&Prime;][et_pb_row _builder_version=\u00a0\u00bb4.9.0&Prime; _module_preset=\u00a0\u00bbdefault\u00a0\u00bb custom_padding=\u00a0\u00bb83px|||||\u00a0\u00bb][et_pb_column type=\u00a0\u00bb4_4&Prime; [&hellip;]<\/p>\n","protected":false},"author":1,"featured_media":0,"parent":0,"menu_order":0,"comment_status":"closed","ping_status":"closed","template":"","meta":{"_et_pb_use_builder":"on","_et_pb_old_content":"","_et_gb_content_width":""},"yoast_head":"<!-- This site is optimized with the Yoast SEO plugin v19.12 - https:\/\/yoast.com\/wordpress\/plugins\/seo\/ -->\n<title>L&#039;agence - Tangente Architecture<\/title>\n<meta name=\"robots\" content=\"index, follow, max-snippet:-1, max-image-preview:large, max-video-preview:-1\" \/>\n<link rel=\"canonical\" href=\"https:\/\/tangentearchitecture.fr\/?page_id=157\" \/>\n<meta property=\"og:locale\" content=\"fr_FR\" \/>\n<meta property=\"og:type\" content=\"article\" \/>\n<meta property=\"og:title\" content=\"L&#039;agence - Tangente Architecture\" \/>\n<meta property=\"og:description\" content=\"[et_pb_section fb_built=\u00a0\u00bb1&Prime; fullwidth=\u00a0\u00bbon\u00a0\u00bb _builder_version=\u00a0\u00bb4.9.0&Prime; _module_preset=\u00a0\u00bbdefault\u00a0\u00bb height=\u00a0\u00bb100vh\u00a0\u00bb][et_pb_fullwidth_slider arrows_custom_color=\u00a0\u00bbRGBA(0,0,0,0)\u00a0\u00bb dot_nav_custom_color=\u00a0\u00bb#000000&Prime; _builder_version=\u00a0\u00bb4.9.0&Prime; _module_preset=\u00a0\u00bbdefault\u00a0\u00bb min_height=\u00a0\u00bb100vh\u00a0\u00bb height=\u00a0\u00bb100vh\u00a0\u00bb custom_margin=\u00a0\u00bb||2px|||\u00a0\u00bb custom_padding=\u00a0\u00bb||0px|||\u00a0\u00bb auto=\u00a0\u00bbon\u00a0\u00bb auto_speed=\u00a0\u00bb4000&Prime;][et_pb_slide heading=\u00a0\u00bbL&rsquo;AGENCE\u00a0\u00bb use_bg_overlay=\u00a0\u00bbon\u00a0\u00bb arrows_custom_color=\u00a0\u00bb#000000&Prime; dot_nav_custom_color=\u00a0\u00bb#000000&Prime; _builder_version=\u00a0\u00bb4.9.0&Prime; _module_preset=\u00a0\u00bbdefault\u00a0\u00bb header_level=\u00a0\u00bbh2&Prime; header_font=\u00a0\u00bbJosefin Sans||||||||\u00a0\u00bb header_font_size=\u00a0\u00bb75px\u00a0\u00bb header_letter_spacing=\u00a0\u00bb6px\u00a0\u00bb background_image=\u00a0\u00bbhttps:\/\/tangentearchitecture.fr\/wp-content\/uploads\/2022\/07\/Bureau-02-scaled.jpg\u00a0\u00bb background_enable_image=\u00a0\u00bbon\u00a0\u00bb transform_translate_linked=\u00a0\u00bboff\u00a0\u00bb header_font_size_tablet=\u00a0\u00bb\u00a0\u00bb header_font_size_phone=\u00a0\u00bb42px\u00a0\u00bb header_font_size_last_edited=\u00a0\u00bbon|phone\u00a0\u00bb sticky_transition=\u00a0\u00bbon\u00a0\u00bb] &nbsp; &nbsp; &nbsp; &nbsp; &nbsp; &nbsp; &nbsp; &nbsp; [\/et_pb_slide][\/et_pb_fullwidth_slider][\/et_pb_section][et_pb_section fb_built=\u00a0\u00bb1&Prime; _builder_version=\u00a0\u00bb4.9.0&Prime; _module_preset=\u00a0\u00bbdefault\u00a0\u00bb background_color=\u00a0\u00bb#FFFFFF\u00a0\u00bb custom_margin=\u00a0\u00bb-6px|||||\u00a0\u00bb custom_padding=\u00a0\u00bb0px|||||\u00a0\u00bb hover_enabled=\u00a0\u00bb0&Prime; sticky_enabled=\u00a0\u00bb0&Prime;][et_pb_row _builder_version=\u00a0\u00bb4.9.0&Prime; _module_preset=\u00a0\u00bbdefault\u00a0\u00bb custom_padding=\u00a0\u00bb83px|||||\u00a0\u00bb][et_pb_column type=\u00a0\u00bb4_4&Prime; [&hellip;]\" \/>\n<meta property=\"og:url\" content=\"https:\/\/tangentearchitecture.fr\/?page_id=157\" \/>\n<meta property=\"og:site_name\" content=\"Tangente Architecture\" \/>\n<meta property=\"article:modified_time\" content=\"2023-02-27T13:12:45+00:00\" \/>\n<meta property=\"og:image\" content=\"http:\/\/tangentearchitecture.fr\/wp-content\/uploads\/2022\/05\/photo-Marion-tangente-architecture-300x210.jpg\" \/>\n<meta name=\"twitter:card\" content=\"summary_large_image\" \/>\n<meta name=\"twitter:label1\" content=\"Dur\u00e9e de lecture estim\u00e9e\" \/>\n\t<meta name=\"twitter:data1\" content=\"8 minutes\" \/>\n<script type=\"application\/ld+json\" class=\"yoast-schema-graph\">{\"@context\":\"https:\/\/schema.org\",\"@graph\":[{\"@type\":\"WebPage\",\"@id\":\"https:\/\/tangentearchitecture.fr\/?page_id=157\",\"url\":\"https:\/\/tangentearchitecture.fr\/?page_id=157\",\"name\":\"L'agence - Tangente Architecture\",\"isPartOf\":{\"@id\":\"https:\/\/tangentearchitecture.fr\/#website\"},\"datePublished\":\"2022-05-01T08:38:18+00:00\",\"dateModified\":\"2023-02-27T13:12:45+00:00\",\"breadcrumb\":{\"@id\":\"https:\/\/tangentearchitecture.fr\/?page_id=157#breadcrumb\"},\"inLanguage\":\"fr-FR\",\"potentialAction\":[{\"@type\":\"ReadAction\",\"target\":[\"https:\/\/tangentearchitecture.fr\/?page_id=157\"]}]},{\"@type\":\"BreadcrumbList\",\"@id\":\"https:\/\/tangentearchitecture.fr\/?page_id=157#breadcrumb\",\"itemListElement\":[{\"@type\":\"ListItem\",\"position\":1,\"name\":\"Accueil\",\"item\":\"https:\/\/tangentearchitecture.fr\/\"},{\"@type\":\"ListItem\",\"position\":2,\"name\":\"L&rsquo;agence\"}]},{\"@type\":\"WebSite\",\"@id\":\"https:\/\/tangentearchitecture.fr\/#website\",\"url\":\"https:\/\/tangentearchitecture.fr\/\",\"name\":\"Tangente Architecture\",\"description\":\"Architecte Vannes\",\"publisher\":{\"@id\":\"https:\/\/tangentearchitecture.fr\/#organization\"},\"alternateName\":\"Tangente\",\"potentialAction\":[{\"@type\":\"SearchAction\",\"target\":{\"@type\":\"EntryPoint\",\"urlTemplate\":\"https:\/\/tangentearchitecture.fr\/?s={search_term_string}\"},\"query-input\":\"required name=search_term_string\"}],\"inLanguage\":\"fr-FR\"},{\"@type\":\"Organization\",\"@id\":\"https:\/\/tangentearchitecture.fr\/#organization\",\"name\":\"Tangente Architecture\",\"alternateName\":\"Tangente\",\"url\":\"https:\/\/tangentearchitecture.fr\/\",\"logo\":{\"@type\":\"ImageObject\",\"inLanguage\":\"fr-FR\",\"@id\":\"https:\/\/tangentearchitecture.fr\/#\/schema\/logo\/image\/\",\"url\":\"https:\/\/tangentearchitecture.fr\/wp-content\/uploads\/2022\/06\/Logo_Tangente_2.png\",\"contentUrl\":\"https:\/\/tangentearchitecture.fr\/wp-content\/uploads\/2022\/06\/Logo_Tangente_2.png\",\"width\":5036,\"height\":1398,\"caption\":\"Tangente Architecture\"},\"image\":{\"@id\":\"https:\/\/tangentearchitecture.fr\/#\/schema\/logo\/image\/\"}}]}<\/script>\n<!-- \/ Yoast SEO plugin. -->","yoast_head_json":{"title":"L'agence - Tangente Architecture","robots":{"index":"index","follow":"follow","max-snippet":"max-snippet:-1","max-image-preview":"max-image-preview:large","max-video-preview":"max-video-preview:-1"},"canonical":"https:\/\/tangentearchitecture.fr\/?page_id=157","og_locale":"fr_FR","og_type":"article","og_title":"L'agence - Tangente Architecture","og_description":"[et_pb_section fb_built=\u00a0\u00bb1&Prime; fullwidth=\u00a0\u00bbon\u00a0\u00bb _builder_version=\u00a0\u00bb4.9.0&Prime; _module_preset=\u00a0\u00bbdefault\u00a0\u00bb height=\u00a0\u00bb100vh\u00a0\u00bb][et_pb_fullwidth_slider arrows_custom_color=\u00a0\u00bbRGBA(0,0,0,0)\u00a0\u00bb dot_nav_custom_color=\u00a0\u00bb#000000&Prime; _builder_version=\u00a0\u00bb4.9.0&Prime; _module_preset=\u00a0\u00bbdefault\u00a0\u00bb min_height=\u00a0\u00bb100vh\u00a0\u00bb height=\u00a0\u00bb100vh\u00a0\u00bb custom_margin=\u00a0\u00bb||2px|||\u00a0\u00bb custom_padding=\u00a0\u00bb||0px|||\u00a0\u00bb auto=\u00a0\u00bbon\u00a0\u00bb auto_speed=\u00a0\u00bb4000&Prime;][et_pb_slide heading=\u00a0\u00bbL&rsquo;AGENCE\u00a0\u00bb use_bg_overlay=\u00a0\u00bbon\u00a0\u00bb arrows_custom_color=\u00a0\u00bb#000000&Prime; dot_nav_custom_color=\u00a0\u00bb#000000&Prime; _builder_version=\u00a0\u00bb4.9.0&Prime; _module_preset=\u00a0\u00bbdefault\u00a0\u00bb header_level=\u00a0\u00bbh2&Prime; header_font=\u00a0\u00bbJosefin Sans||||||||\u00a0\u00bb header_font_size=\u00a0\u00bb75px\u00a0\u00bb header_letter_spacing=\u00a0\u00bb6px\u00a0\u00bb background_image=\u00a0\u00bbhttps:\/\/tangentearchitecture.fr\/wp-content\/uploads\/2022\/07\/Bureau-02-scaled.jpg\u00a0\u00bb background_enable_image=\u00a0\u00bbon\u00a0\u00bb transform_translate_linked=\u00a0\u00bboff\u00a0\u00bb header_font_size_tablet=\u00a0\u00bb\u00a0\u00bb header_font_size_phone=\u00a0\u00bb42px\u00a0\u00bb header_font_size_last_edited=\u00a0\u00bbon|phone\u00a0\u00bb sticky_transition=\u00a0\u00bbon\u00a0\u00bb] &nbsp; &nbsp; &nbsp; &nbsp; &nbsp; &nbsp; &nbsp; &nbsp; [\/et_pb_slide][\/et_pb_fullwidth_slider][\/et_pb_section][et_pb_section fb_built=\u00a0\u00bb1&Prime; _builder_version=\u00a0\u00bb4.9.0&Prime; _module_preset=\u00a0\u00bbdefault\u00a0\u00bb background_color=\u00a0\u00bb#FFFFFF\u00a0\u00bb custom_margin=\u00a0\u00bb-6px|||||\u00a0\u00bb custom_padding=\u00a0\u00bb0px|||||\u00a0\u00bb hover_enabled=\u00a0\u00bb0&Prime; sticky_enabled=\u00a0\u00bb0&Prime;][et_pb_row _builder_version=\u00a0\u00bb4.9.0&Prime; _module_preset=\u00a0\u00bbdefault\u00a0\u00bb custom_padding=\u00a0\u00bb83px|||||\u00a0\u00bb][et_pb_column type=\u00a0\u00bb4_4&Prime; [&hellip;]","og_url":"https:\/\/tangentearchitecture.fr\/?page_id=157","og_site_name":"Tangente Architecture","article_modified_time":"2023-02-27T13:12:45+00:00","og_image":[{"url":"http:\/\/tangentearchitecture.fr\/wp-content\/uploads\/2022\/05\/photo-Marion-tangente-architecture-300x210.jpg"}],"twitter_card":"summary_large_image","twitter_misc":{"Dur\u00e9e de lecture estim\u00e9e":"8 minutes"},"schema":{"@context":"https:\/\/schema.org","@graph":[{"@type":"WebPage","@id":"https:\/\/tangentearchitecture.fr\/?page_id=157","url":"https:\/\/tangentearchitecture.fr\/?page_id=157","name":"L'agence - Tangente Architecture","isPartOf":{"@id":"https:\/\/tangentearchitecture.fr\/#website"},"datePublished":"2022-05-01T08:38:18+00:00","dateModified":"2023-02-27T13:12:45+00:00","breadcrumb":{"@id":"https:\/\/tangentearchitecture.fr\/?page_id=157#breadcrumb"},"inLanguage":"fr-FR","potentialAction":[{"@type":"ReadAction","target":["https:\/\/tangentearchitecture.fr\/?page_id=157"]}]},{"@type":"BreadcrumbList","@id":"https:\/\/tangentearchitecture.fr\/?page_id=157#breadcrumb","itemListElement":[{"@type":"ListItem","position":1,"name":"Accueil","item":"https:\/\/tangentearchitecture.fr\/"},{"@type":"ListItem","position":2,"name":"L&rsquo;agence"}]},{"@type":"WebSite","@id":"https:\/\/tangentearchitecture.fr\/#website","url":"https:\/\/tangentearchitecture.fr\/","name":"Tangente Architecture","description":"Architecte Vannes","publisher":{"@id":"https:\/\/tangentearchitecture.fr\/#organization"},"alternateName":"Tangente","potentialAction":[{"@type":"SearchAction","target":{"@type":"EntryPoint","urlTemplate":"https:\/\/tangentearchitecture.fr\/?s={search_term_string}"},"query-input":"required name=search_term_string"}],"inLanguage":"fr-FR"},{"@type":"Organization","@id":"https:\/\/tangentearchitecture.fr\/#organization","name":"Tangente Architecture","alternateName":"Tangente","url":"https:\/\/tangentearchitecture.fr\/","logo":{"@type":"ImageObject","inLanguage":"fr-FR","@id":"https:\/\/tangentearchitecture.fr\/#\/schema\/logo\/image\/","url":"https:\/\/tangentearchitecture.fr\/wp-content\/uploads\/2022\/06\/Logo_Tangente_2.png","contentUrl":"https:\/\/tangentearchitecture.fr\/wp-content\/uploads\/2022\/06\/Logo_Tangente_2.png","width":5036,"height":1398,"caption":"Tangente Architecture"},"image":{"@id":"https:\/\/tangentearchitecture.fr\/#\/schema\/logo\/image\/"}}]}},"_links":{"self":[{"href":"https:\/\/tangentearchitecture.fr\/index.php?rest_route=\/wp\/v2\/pages\/157"}],"collection":[{"href":"https:\/\/tangentearchitecture.fr\/index.php?rest_route=\/wp\/v2\/pages"}],"about":[{"href":"https:\/\/tangentearchitecture.fr\/index.php?rest_route=\/wp\/v2\/types\/page"}],"author":[{"embeddable":true,"href":"https:\/\/tangentearchitecture.fr\/index.php?rest_route=\/wp\/v2\/users\/1"}],"replies":[{"embeddable":true,"href":"https:\/\/tangentearchitecture.fr\/index.php?rest_route=%2Fwp%2Fv2%2Fcomments&post=157"}],"version-history":[{"count":17,"href":"https:\/\/tangentearchitecture.fr\/index.php?rest_route=\/wp\/v2\/pages\/157\/revisions"}],"predecessor-version":[{"id":651,"href":"https:\/\/tangentearchitecture.fr\/index.php?rest_route=\/wp\/v2\/pages\/157\/revisions\/651"}],"wp:attachment":[{"href":"https:\/\/tangentearchitecture.fr\/index.php?rest_route=%2Fwp%2Fv2%2Fmedia&parent=157"}],"curies":[{"name":"wp","href":"https:\/\/api.w.org\/{rel}","templated":true}]}}